{"id":1280,"date":"2021-05-13T16:55:24","date_gmt":"2021-05-13T16:55:24","guid":{"rendered":"https:\/\/ostgard.se\/om-oss\/"},"modified":"2024-08-12T20:26:27","modified_gmt":"2024-08-12T20:26:27","slug":"om-oss","status":"publish","type":"page","link":"https:\/\/ostgard.se\/sv\/om-oss\/","title":{"rendered":"Om oss"},"content":{"rendered":"<p>[et_pb_section fb_built=&#8221;1&#8243; admin_label=&#8221;Header&#8221; _builder_version=&#8221;4.16&#8243; background_enable_color=&#8221;off&#8221; background_enable_image=&#8221;off&#8221; width=&#8221;100%&#8221; min_height=&#8221;50vh&#8221; custom_margin=&#8221;||||false&#8221; custom_padding=&#8221;6vw||6vw||true|false&#8221; bottom_divider_color=&#8221;#FFFFFF&#8221; bottom_divider_height=&#8221;22vw&#8221; bottom_divider_flip=&#8221;horizontal&#8221; global_colors_info=&#8221;{}&#8221;][et_pb_row column_structure=&#8221;1_2,1_2&#8243; _builder_version=&#8221;4.16&#8243; _module_preset=&#8221;default&#8221; global_colors_info=&#8221;{}&#8221;][et_pb_column type=&#8221;1_2&#8243; _builder_version=&#8221;4.16&#8243; _module_preset=&#8221;default&#8221; global_colors_info=&#8221;{}&#8221;][et_pb_image src=&#8221;https:\/\/ostgard.se\/wp-content\/uploads\/2022\/06\/20220529_141455-Colombo-Siroky_Bildgroesse-aendern.jpg&#8221; alt=&#8221;Bild p\u00e5 hela familjen&#8221; title_text=&#8221;20220529_141455 Colombo Siroky_Change bildstorlek&#8221; _builder_version=&#8221;4.17.4&#8243; _module_preset=&#8221;default&#8221; hover_enabled=&#8221;0&#8243; global_colors_info=&#8221;{}&#8221; sticky_enabled=&#8221;0&#8243;][\/et_pb_image][\/et_pb_column][et_pb_column type=&#8221;1_2&#8243; _builder_version=&#8221;4.16&#8243; _module_preset=&#8221;default&#8221; global_colors_info=&#8221;{}&#8221;][et_pb_text _builder_version=&#8221;4.16&#8243; _module_preset=&#8221;default&#8221; global_colors_info=&#8221;{}&#8221;]<\/p>\n<h1>Om oss<\/h1>\n<p><span>Vi kommer fr\u00e5n Schweiz och sedan juni 2021 kallar vi Lakene Ostg\u00e5rd f\u00f6r v\u00e5rt nya hem.<\/span><\/p>\n<p><span>Det \u00e4r sv\u00e5rt att s\u00e4ga vad som motiverade oss att emigrera till Sverige.  <\/span><\/p>\n<p><span>Det finns f\u00f6rmodligen inte en huvudorsak, utan det \u00e4r summan av allt som f\u00e5r oss att ta det h\u00e4r steget. Troligen \u00e4r det en \u00f6nskan om mer natur, mindre stress och press och f\u00f6rmodligen ocks\u00e5 en \u00f6nskan om att anta en ny utmaning. Vi hittade allt det h\u00e4r.  <\/span><\/p>\n<p><span>Det \u00e4r vi:  <\/span><\/p>\n<p><span>Mischa (utbildad skogsbruksingenj\u00f6r, skicklig hobbyfiskare och svampplockare). Han \u00e4lskar hantverk, att arbeta i bakgrunden, pyssel och innovation och, naturligtvis, djur.<\/span><\/p>\n<p><span> <\/span><\/p>\n<p><span>Romana (utbildad f\u00f6rskoll\u00e4rare, kommunikativ, kreativ natur\u00e4lskare). Hon ser fram emot att umg\u00e5s med m\u00e4nniskor, gillar kreativa och glada saker, men njuter ocks\u00e5 av naturen p\u00e5 ensamma promenader.<\/span><\/p>\n<p><span> <\/span><\/p>\n<p><span>Alma (elev, musikalisk, k\u00e4nslig djur\u00e4lskare). Hon \u00e4lskar djuren &#8211; stora som sm\u00e5, tycker om livet p\u00e5 g\u00e5rden och naturen.<\/span><\/p>\n<p><span> <\/span><\/p>\n<p><span>Luca (skolpojke, fotbolls\u00e4lskande hobbyfiskare). Han gillar att r\u00f6ra p\u00e5 sig, helst med en boll eller fyrhjuling, och n\u00e4r han \u00e4r tyst \u00e4r det f\u00f6r att inte skr\u00e4mma bort fiskarna n\u00e4r han fiskar.<\/span><\/p>\n<p><span> <\/span><\/p>\n<p><span>Ria (hund, h\u00e4lsar p\u00e5 och sniffar utm\u00e4rkt). Hon tror att alla bes\u00f6kare kommer bara f\u00f6r att se henne. Vi \u00e4r glada att kunna ge henne denna illusion.<\/span><\/p>\n<p><span> <\/span><\/p>\n<p>[\/et_pb_text][\/et_pb_column][\/et_pb_row][\/et_pb_section]<\/p>\n","protected":false},"excerpt":{"rendered":"<p>Om oss Vi kommer fr\u00e5n Schweiz och sedan juni 2021 kallar vi Lakene Ostg\u00e5rd f\u00f6r v\u00e5rt nya hem. Det \u00e4r sv\u00e5rt att s\u00e4ga vad som motiverade oss att emigrera till Sverige. Det finns f\u00f6rmodligen inte en huvudorsak, utan det \u00e4r summan av allt som f\u00e5r oss att ta det h\u00e4r steget. Troligen \u00e4r det en [&hellip;]<\/p>\n","protected":false},"author":1,"featured_media":0,"parent":0,"menu_order":0,"comment_status":"closed","ping_status":"closed","template":"","meta":{"_et_pb_use_builder":"on","_et_pb_old_content":"","_et_gb_content_width":"","footnotes":""},"class_list":["post-1280","page","type-page","status-publish","hentry"],"yoast_head":"<!-- This site is optimized with the Yoast SEO plugin v27.5 - https:\/\/yoast.com\/product\/yoast-seo-wordpress\/ -->\n<title>Om oss - Lakene Ostg\u00e5rd<\/title>\n<meta name=\"robots\" content=\"index, follow, max-snippet:-1, max-image-preview:large, max-video-preview:-1\" \/>\n<link rel=\"canonical\" href=\"https:\/\/ostgard.se\/sv\/om-oss\/\" \/>\n<meta property=\"og:locale\" content=\"sv_SE\" \/>\n<meta property=\"og:type\" content=\"article\" \/>\n<meta property=\"og:title\" content=\"Om oss - Lakene Ostg\u00e5rd\" \/>\n<meta property=\"og:description\" content=\"Om oss Vi kommer fr\u00e5n Schweiz och sedan juni 2021 kallar vi Lakene Ostg\u00e5rd f\u00f6r v\u00e5rt nya hem. Det \u00e4r sv\u00e5rt att s\u00e4ga vad som motiverade oss att emigrera till Sverige. Det finns f\u00f6rmodligen inte en huvudorsak, utan det \u00e4r summan av allt som f\u00e5r oss att ta det h\u00e4r steget. Troligen \u00e4r det en [&hellip;]\" \/>\n<meta property=\"og:url\" content=\"https:\/\/ostgard.se\/sv\/om-oss\/\" \/>\n<meta property=\"og:site_name\" content=\"Lakene Ostg\u00e5rd\" \/>\n<meta property=\"article:modified_time\" content=\"2024-08-12T20:26:27+00:00\" \/>\n<meta name=\"twitter:card\" content=\"summary_large_image\" \/>\n<meta name=\"twitter:label1\" content=\"Ber\u00e4knad l\u00e4stid\" \/>\n\t<meta name=\"twitter:data1\" content=\"2 minuter\" \/>\n<script type=\"application\/ld+json\" class=\"yoast-schema-graph\">{\"@context\":\"https:\\\/\\\/schema.org\",\"@graph\":[{\"@type\":\"WebPage\",\"@id\":\"https:\\\/\\\/ostgard.se\\\/sv\\\/om-oss\\\/\",\"url\":\"https:\\\/\\\/ostgard.se\\\/sv\\\/om-oss\\\/\",\"name\":\"Om oss - Lakene Ostg\u00e5rd\",\"isPartOf\":{\"@id\":\"https:\\\/\\\/ostgard.se\\\/sv\\\/#website\"},\"datePublished\":\"2021-05-13T16:55:24+00:00\",\"dateModified\":\"2024-08-12T20:26:27+00:00\",\"breadcrumb\":{\"@id\":\"https:\\\/\\\/ostgard.se\\\/sv\\\/om-oss\\\/#breadcrumb\"},\"inLanguage\":\"sv-SE\",\"potentialAction\":[{\"@type\":\"ReadAction\",\"target\":[\"https:\\\/\\\/ostgard.se\\\/sv\\\/om-oss\\\/\"]}]},{\"@type\":\"BreadcrumbList\",\"@id\":\"https:\\\/\\\/ostgard.se\\\/sv\\\/om-oss\\\/#breadcrumb\",\"itemListElement\":[{\"@type\":\"ListItem\",\"position\":1,\"name\":\"Startseite\",\"item\":\"https:\\\/\\\/ostgard.se\\\/sv\\\/hem\\\/\"},{\"@type\":\"ListItem\",\"position\":2,\"name\":\"Om oss\"}]},{\"@type\":\"WebSite\",\"@id\":\"https:\\\/\\\/ostgard.se\\\/sv\\\/#website\",\"url\":\"https:\\\/\\\/ostgard.se\\\/sv\\\/\",\"name\":\"Lakene Ostg\u00e5rd\",\"description\":\"K\u00e4serei, Caf\u00e9 und G\u00e4stehaus\",\"potentialAction\":[{\"@type\":\"SearchAction\",\"target\":{\"@type\":\"EntryPoint\",\"urlTemplate\":\"https:\\\/\\\/ostgard.se\\\/sv\\\/?s={search_term_string}\"},\"query-input\":{\"@type\":\"PropertyValueSpecification\",\"valueRequired\":true,\"valueName\":\"search_term_string\"}}],\"inLanguage\":\"sv-SE\"}]}<\/script>\n<!-- \/ Yoast SEO plugin. -->","yoast_head_json":{"title":"Om oss - Lakene Ostg\u00e5rd","robots":{"index":"index","follow":"follow","max-snippet":"max-snippet:-1","max-image-preview":"max-image-preview:large","max-video-preview":"max-video-preview:-1"},"canonical":"https:\/\/ostgard.se\/sv\/om-oss\/","og_locale":"sv_SE","og_type":"article","og_title":"Om oss - Lakene Ostg\u00e5rd","og_description":"Om oss Vi kommer fr\u00e5n Schweiz och sedan juni 2021 kallar vi Lakene Ostg\u00e5rd f\u00f6r v\u00e5rt nya hem. Det \u00e4r sv\u00e5rt att s\u00e4ga vad som motiverade oss att emigrera till Sverige. Det finns f\u00f6rmodligen inte en huvudorsak, utan det \u00e4r summan av allt som f\u00e5r oss att ta det h\u00e4r steget. Troligen \u00e4r det en [&hellip;]","og_url":"https:\/\/ostgard.se\/sv\/om-oss\/","og_site_name":"Lakene Ostg\u00e5rd","article_modified_time":"2024-08-12T20:26:27+00:00","twitter_card":"summary_large_image","twitter_misc":{"Ber\u00e4knad l\u00e4stid":"2 minuter"},"schema":{"@context":"https:\/\/schema.org","@graph":[{"@type":"WebPage","@id":"https:\/\/ostgard.se\/sv\/om-oss\/","url":"https:\/\/ostgard.se\/sv\/om-oss\/","name":"Om oss - Lakene Ostg\u00e5rd","isPartOf":{"@id":"https:\/\/ostgard.se\/sv\/#website"},"datePublished":"2021-05-13T16:55:24+00:00","dateModified":"2024-08-12T20:26:27+00:00","breadcrumb":{"@id":"https:\/\/ostgard.se\/sv\/om-oss\/#breadcrumb"},"inLanguage":"sv-SE","potentialAction":[{"@type":"ReadAction","target":["https:\/\/ostgard.se\/sv\/om-oss\/"]}]},{"@type":"BreadcrumbList","@id":"https:\/\/ostgard.se\/sv\/om-oss\/#breadcrumb","itemListElement":[{"@type":"ListItem","position":1,"name":"Startseite","item":"https:\/\/ostgard.se\/sv\/hem\/"},{"@type":"ListItem","position":2,"name":"Om oss"}]},{"@type":"WebSite","@id":"https:\/\/ostgard.se\/sv\/#website","url":"https:\/\/ostgard.se\/sv\/","name":"Lakene Ostg\u00e5rd","description":"K\u00e4serei, Caf\u00e9 und G\u00e4stehaus","potentialAction":[{"@type":"SearchAction","target":{"@type":"EntryPoint","urlTemplate":"https:\/\/ostgard.se\/sv\/?s={search_term_string}"},"query-input":{"@type":"PropertyValueSpecification","valueRequired":true,"valueName":"search_term_string"}}],"inLanguage":"sv-SE"}]}},"_links":{"self":[{"href":"https:\/\/ostgard.se\/sv\/wp-json\/wp\/v2\/pages\/1280","targetHints":{"allow":["GET"]}}],"collection":[{"href":"https:\/\/ostgard.se\/sv\/wp-json\/wp\/v2\/pages"}],"about":[{"href":"https:\/\/ostgard.se\/sv\/wp-json\/wp\/v2\/types\/page"}],"author":[{"embeddable":true,"href":"https:\/\/ostgard.se\/sv\/wp-json\/wp\/v2\/users\/1"}],"replies":[{"embeddable":true,"href":"https:\/\/ostgard.se\/sv\/wp-json\/wp\/v2\/comments?post=1280"}],"version-history":[{"count":2,"href":"https:\/\/ostgard.se\/sv\/wp-json\/wp\/v2\/pages\/1280\/revisions"}],"predecessor-version":[{"id":1282,"href":"https:\/\/ostgard.se\/sv\/wp-json\/wp\/v2\/pages\/1280\/revisions\/1282"}],"wp:attachment":[{"href":"https:\/\/ostgard.se\/sv\/wp-json\/wp\/v2\/media?parent=1280"}],"curies":[{"name":"wp","href":"https:\/\/api.w.org\/{rel}","templated":true}]}}